{"id":2448,"date":"2017-04-10T12:30:19","date_gmt":"2017-04-10T10:30:19","guid":{"rendered":"http:\/\/projects.mediamacs.com\/kompatscher\/?page_id=2448\/"},"modified":"2026-04-28T12:54:11","modified_gmt":"2026-04-28T10:54:11","slug":"it","status":"publish","type":"page","link":"https:\/\/kompatscher.eu\/it\/","title":{"rendered":"Pagina iniziale"},"content":{"rendered":"<div class=\"wpb-content-wrapper\"><p>[vc_row unlock_row_content=&#8221;yes&#8221; row_height_percent=&#8221;0&#8243; overlay_alpha=&#8221;50&#8243; gutter_size=&#8221;3&#8243; shift_y=&#8221;0&#8243; mobile_visibility=&#8221;yes&#8221;][vc_column column_width_percent=&#8221;100&#8243; position_vertical=&#8221;middle&#8221; align_horizontal=&#8221;align_center&#8221; gutter_size=&#8221;3&#8243; overlay_alpha=&#8221;50&#8243; shift_x=&#8221;0&#8243; shift_y=&#8221;0&#8243; shift_y_down=&#8221;0&#8243; z_index=&#8221;10&#8243; medium_width=&#8221;0&#8243; mobile_width=&#8221;0&#8243; width=&#8221;1\/1&#8243; uncode_shortcode_id=&#8221;926601&#8243;][vc_custom_heading text_font=&#8221;font-482466&#8243; text_size=&#8221;fontsize-649657&#8243; text_weight=&#8221;100&#8243; sub_reduced=&#8221;yes&#8221; mobile_visibility=&#8221;yes&#8221; uncode_shortcode_id=&#8221;617334&#8243;]Arte dal 1895[\/vc_custom_heading][\/vc_column][\/vc_row][vc_row][vc_column width=&#8221;1\/1&#8243;][vc_single_image media=&#8221;17257&#8243; media_width_percent=&#8221;100&#8243; css_animation=&#8221;alpha-anim&#8221; uncode_shortcode_id=&#8221;123672&#8243;][\/vc_column][\/vc_row][vc_row][vc_column width=&#8221;1\/1&#8243;][uncode_index el_id=&#8221;index-107477&#8243; loop=&#8221;size:3|order_by:date|post_type:post&#8221; screen_lg=&#8221;1000&#8243; screen_md=&#8221;600&#8243; screen_sm=&#8221;480&#8243; gutter_size=&#8221;2&#8243; post_items=&#8221;media|featured|onpost|original,title,sep-one|full,text|excerpt|100&#8243; pagination=&#8221;yes&#8221; footer_full_width=&#8221;yes&#8221; images_size=&#8221;three-two&#8221; single_overlay_opacity=&#8221;1&#8243; single_overlay_anim=&#8221;no&#8221; single_text_anim=&#8221;no&#8221; single_image_color_anim=&#8221;yes&#8221; single_h_align_mobile=&#8221;left&#8221; single_padding=&#8221;1&#8243; single_text_reduced=&#8221;yes&#8221; items=&#8221;eyIxMDNfaSI6eyJzaW5nbGVfaWNvbiI6IiJ9fQ==&#8221;][\/vc_column][\/vc_row][vc_row][vc_column][vc_column_text uncode_shortcode_id=&#8221;128413&#8243;]<\/p>\n<h1>Galleria Kompatscher &#8211; dipinti e sculture,<\/h1>\n<h1>figure per presepio e arte moderna e contemporanea<\/h1>\n<p>[\/vc_column_text][vc_row_inner limit_content=&#8221;&#8221;][vc_column_inner width=&#8221;1\/2&#8243;][vc_column_text uncode_shortcode_id=&#8221;154487&#8243;]La Galleria Kompatscher (prima Galerie Hofburg) \u00e8 un punto d&#8217;incontro per gli amanti dell&#8217;arte in tutte le sue sfaccettature. In particolare dedichiamo grande attenzione alle figure del presepe. La collezione raccolta da Jacob Kompatscher comprende figure per presepi, presepi completi, sculture in legno, sculture e dipinti di noti artisti locali, nazionali e internazionali tra cui Angela Tripi, Adriano Colombo e Paul Moroder de Doss.<\/p>\n<p>Jakob Kompatscher \u2013 38 anni per l&#8217;arte \u2013 3 Atelier<\/p>\n<p>Da ormai oltre 38 anni, Jakob Kompatscher si dedica con grande passione all&#8217;arte in tutte le sue sfacettature. Nato a Bressanone Jakob \u00e8 figlio d&#8217;arte da due generazioni. Il padre \u00e8 il maestro rilegatore Walter Kompatscher (*1934 +2016), pronipote dell&#8217;omonimo Jakob Kompatscher, fondatore di una delle pi\u00f9 antiche legatorie brissinesi.<\/p>\n<p>Nel cuore del pittoresco centro storico cittadino, i suoi 2 atelier divennero contemporaneamente punto di ritrovo e forum per numerosi artisti e amanti dell&#8217;arte. Al visitatore infatti non \u00e8 data solamente la possibilit\u00e0 di ammirare e scoprire numerose opere, ma si trova anche lo spazio per la parola ed il confronto sull&#8217;arte.[\/vc_column_text][\/vc_column_inner][vc_column_inner width=&#8221;1\/2&#8243;][vc_single_image media=&#8221;16908&#8243; media_width_percent=&#8221;100&#8243; uncode_shortcode_id=&#8221;204454&#8243;][vc_column_text uncode_shortcode_id=&#8221;213544&#8243;]<em>&#8220;Conciliare il vincolo della tradizione con la libert\u00e0 delle moderne tendenze artistiche \u00e8 una sfida che affronto giornalmente, e lo faccio con tanto entusiasmo, passione ed una certa pacatezza, tipicamente tirolese.&#8221;<\/em><br \/>\n<em>(Jakob Kompatscher)<\/em>[\/vc_column_text][\/vc_column_inner][\/vc_row_inner][\/vc_column][\/vc_row][vc_row][vc_column][vc_column_text uncode_shortcode_id=&#8221;119128&#8243;]<\/p>\n<h1>Corniceria Kompatscher &#8211; Oltre 600 diversi cornici in legno e metallo<\/h1>\n<p>[\/vc_column_text][vc_row_inner limit_content=&#8221;&#8221;][vc_column_inner width=&#8221;1\/2&#8243;][vc_column_text uncode_shortcode_id=&#8221;208151&#8243;]L&#8217;officina di cornici ha ricevuto una nuovo stimolo con Johannes. Come suo nonno Walter, consiglia con passione ed entusiasmo i clienti e risponde ai loro desideri individuali. Con il vetro antiriflesso (zero glass), l&#8217;ampia scelta di cornici, passe-partout colorati e persino in velluto, le opere d&#8217;arte possono essere valorizzate. Il Suo dipinto \u00e8 in buone mani con Johannes e sar\u00e0 trattata con amore e precisione. Vengono utilizzati solo materiali di alta qualit\u00e0 con colla priva di acidi.<\/p>\n<p>Da noi trovera una vasta gamma di montature e possibilit\u00e0, dal classico al moderno.<\/p>\n<p>Maggiori informazioni sul laboratorio di telai sono disponibili <a href=\"https:\/\/kompatscher.eu\/it\/cornici-e-legatoria\/\"><span style=\"text-decoration: underline;\">qui<\/span><\/a> o quando viene a trovarci.[\/vc_column_text][\/vc_column_inner][vc_column_inner width=&#8221;1\/2&#8243;][vc_single_image media=&#8221;13479&#8243; media_width_percent=&#8221;100&#8243; uncode_shortcode_id=&#8221;867905&#8243;][\/vc_column_inner][\/vc_row_inner][\/vc_column][\/vc_row][vc_row row_height_percent=&#8221;0&#8243; overlay_alpha=&#8221;50&#8243; gutter_size=&#8221;3&#8243; shift_y=&#8221;0&#8243; medium_visibility=&#8221;yes&#8221;][vc_column column_width_percent=&#8221;100&#8243; gutter_size=&#8221;3&#8243; overlay_alpha=&#8221;50&#8243; border_color=&#8221;color-227998&#8243; border_style=&#8221;solid&#8221; shift_x=&#8221;0&#8243; shift_y=&#8221;0&#8243; z_index=&#8221;0&#8243; align_medium=&#8221;align_center_tablet&#8221; medium_width=&#8221;0&#8243; width=&#8221;1\/3&#8243;][vc_single_image media=&#8221;3378&#8243; caption=&#8221;yes&#8221; media_width_percent=&#8221;100&#8243; media_ratio=&#8221;three-four&#8221; shadow=&#8221;yes&#8221; advanced=&#8221;yes&#8221; media_items=&#8221;media|original,title&#8221; media_overlay_opacity=&#8221;50&#8243; media_overlay_anim=&#8221;no&#8221; media_text_visible=&#8221;yes&#8221; media_text_anim_type=&#8221;btt&#8221; media_h_align=&#8221;center&#8221; media_h_position=&#8221;center&#8221; media_padding=&#8221;2&#8243; media_title_family=&#8221;font-110008&#8243; media_title_dimension=&#8221;fontsize-105888&#8243; media_link=&#8221;url:https%3A%2F%2Fkompatscher.eu%2Fit%2Fquadri-dipinti%2F|||&#8221;][\/vc_column][vc_column column_width_percent=&#8221;100&#8243; gutter_size=&#8221;3&#8243; overlay_alpha=&#8221;50&#8243; border_color=&#8221;color-227998&#8243; border_style=&#8221;solid&#8221; shift_x=&#8221;0&#8243; shift_y=&#8221;0&#8243; z_index=&#8221;0&#8243; medium_width=&#8221;0&#8243; width=&#8221;1\/3&#8243;][vc_single_image media=&#8221;3384&#8243; caption=&#8221;yes&#8221; media_width_percent=&#8221;100&#8243; media_ratio=&#8221;three-four&#8221; shadow=&#8221;yes&#8221; advanced=&#8221;yes&#8221; media_items=&#8221;media|original,title&#8221; media_overlay_color=&#8221;color-prif&#8221; media_overlay_opacity=&#8221;79&#8243; media_overlay_anim=&#8221;no&#8221; media_text_visible=&#8221;yes&#8221; media_text_anim_type=&#8221;btt&#8221; media_h_align=&#8221;center&#8221; media_h_position=&#8221;center&#8221; media_padding=&#8221;2&#8243; media_title_family=&#8221;font-110008&#8243; media_title_dimension=&#8221;fontsize-105888&#8243; media_link=&#8221;url:https%3A%2F%2Fkompatscher.eu%2Fit%2Ffigure-presepe%2F|||&#8221;][\/vc_column][vc_column column_width_percent=&#8221;100&#8243; gutter_size=&#8221;3&#8243; overlay_alpha=&#8221;50&#8243; border_color=&#8221;color-227998&#8243; border_style=&#8221;solid&#8221; shift_x=&#8221;0&#8243; shift_y=&#8221;0&#8243; z_index=&#8221;0&#8243; medium_width=&#8221;0&#8243; width=&#8221;1\/3&#8243;][vc_single_image media=&#8221;3387&#8243; caption=&#8221;yes&#8221; media_width_percent=&#8221;100&#8243; media_ratio=&#8221;three-four&#8221; shadow=&#8221;yes&#8221; advanced=&#8221;yes&#8221; media_items=&#8221;media|original,title&#8221; media_style=&#8221;dark&#8221; media_overlay_color=&#8221;color-rgdb&#8221; media_overlay_opacity=&#8221;76&#8243; media_overlay_anim=&#8221;no&#8221; media_text_visible=&#8221;yes&#8221; media_text_anim_type=&#8221;btt&#8221; media_h_align=&#8221;center&#8221; media_h_position=&#8221;center&#8221; media_padding=&#8221;2&#8243; media_title_family=&#8221;font-110008&#8243; media_title_dimension=&#8221;fontsize-105888&#8243; media_link=&#8221;url:https%3A%2F%2Fkompatscher.eu%2Fit%2Fsculture%2F|||&#8221;][\/vc_column][\/vc_row]<\/p>\n<\/div>","protected":false},"excerpt":{"rendered":"<p>[vc_row unlock_row_content=&#8221;yes&#8221; row_height_percent=&#8221;0&#8243; overlay_alpha=&#8221;50&#8243; gutter_size=&#8221;3&#8243; shift_y=&#8221;0&#8243; mobile_visibility=&#8221;yes&#8221;][vc_column column_width_percent=&#8221;100&#8243; position_vertical=&#8221;middle&#8221; align_horizontal=&#8221;align_center&#8221; gutter_size=&#8221;3&#8243; overlay_alpha=&#8221;50&#8243; shift_x=&#8221;0&#8243; shift_y=&#8221;0&#8243; shift_y_down=&#8221;0&#8243; z_index=&#8221;10&#8243; medium_width=&#8221;0&#8243; mobile_width=&#8221;0&#8243; width=&#8221;1\/1&#8243; uncode_shortcode_id=&#8221;926601&#8243;][vc_custom_heading [&hellip;]<\/p>\n","protected":false},"author":1,"featured_media":17249,"parent":0,"menu_order":0,"comment_status":"closed","ping_status":"open","template":"","meta":{"footnotes":""},"class_list":["post-2448","page","type-page","status-publish","has-post-thumbnail","hentry"],"yoast_head":"<!-- This site is optimized with the Yoast SEO plugin v27.3 - https:\/\/yoast.com\/product\/yoast-seo-wordpress\/ -->\n<title>Kompatscher Bressanone - Galleria d&#039;arte Hofburg - figure presepe italia<\/title>\n<meta name=\"description\" content=\"Art-Shop Kompatscher e la galleria d&#039;arte Hofburg a Bressane in Alto Adige \u00e8 un punto d\u2019incontro per gli amanti dell\u2019arte moderna e delle figure presepe.\" \/>\n<meta name=\"robots\" content=\"index, follow, max-snippet:-1, max-image-preview:large, max-video-preview:-1\" \/>\n<link rel=\"canonical\" href=\"https:\/\/kompatscher.eu\/it\/\" \/>\n<meta property=\"og:locale\" content=\"it_IT\" \/>\n<meta property=\"og:type\" content=\"article\" \/>\n<meta property=\"og:title\" content=\"Kompatscher Bressanone - Galleria d&#039;arte Hofburg - figure presepe italia\" \/>\n<meta property=\"og:description\" content=\"Art-Shop Kompatscher e la galleria d&#039;arte Hofburg a Bressane in Alto Adige \u00e8 un punto d\u2019incontro per gli amanti dell\u2019arte moderna e delle figure presepe.\" \/>\n<meta property=\"og:url\" content=\"https:\/\/kompatscher.eu\/it\/\" \/>\n<meta property=\"og:site_name\" content=\"Kompatscher Brixen | Galerie Hofburg - Kunst S\u00fcdtirol\" \/>\n<meta property=\"article:publisher\" content=\"https:\/\/www.facebook.com\/kompatscher.eu\/\" \/>\n<meta property=\"article:modified_time\" content=\"2026-04-28T10:54:11+00:00\" \/>\n<meta property=\"og:image\" content=\"https:\/\/kompatscher.eu\/wp-content\/uploads\/2026\/04\/Magnani-Maurizio_I-luoghi-del-cuore_8_32D.jpg\" \/>\n\t<meta property=\"og:image:width\" content=\"694\" \/>\n\t<meta property=\"og:image:height\" content=\"510\" \/>\n\t<meta property=\"og:image:type\" content=\"image\/jpeg\" \/>\n<meta name=\"twitter:card\" content=\"summary_large_image\" \/>\n<meta name=\"twitter:label1\" content=\"Tempo di lettura stimato\" \/>\n\t<meta name=\"twitter:data1\" content=\"3 minuti\" \/>\n<script type=\"application\/ld+json\" class=\"yoast-schema-graph\">{\"@context\":\"https:\\\/\\\/schema.org\",\"@graph\":[{\"@type\":\"WebPage\",\"@id\":\"https:\\\/\\\/kompatscher.eu\\\/it\\\/\",\"url\":\"https:\\\/\\\/kompatscher.eu\\\/it\\\/\",\"name\":\"Kompatscher Bressanone - Galleria d'arte Hofburg - figure presepe italia\",\"isPartOf\":{\"@id\":\"https:\\\/\\\/kompatscher.eu\\\/it\\\/#website\"},\"primaryImageOfPage\":{\"@id\":\"https:\\\/\\\/kompatscher.eu\\\/it\\\/#primaryimage\"},\"image\":{\"@id\":\"https:\\\/\\\/kompatscher.eu\\\/it\\\/#primaryimage\"},\"thumbnailUrl\":\"https:\\\/\\\/kompatscher.eu\\\/wp-content\\\/uploads\\\/2026\\\/04\\\/Magnani-Maurizio_I-luoghi-del-cuore_8_32D.jpg\",\"datePublished\":\"2017-04-10T10:30:19+00:00\",\"dateModified\":\"2026-04-28T10:54:11+00:00\",\"description\":\"Art-Shop Kompatscher e la galleria d'arte Hofburg a Bressane in Alto Adige \u00e8 un punto d\u2019incontro per gli amanti dell\u2019arte moderna e delle figure presepe.\",\"breadcrumb\":{\"@id\":\"https:\\\/\\\/kompatscher.eu\\\/it\\\/#breadcrumb\"},\"inLanguage\":\"it-IT\",\"potentialAction\":[{\"@type\":\"ReadAction\",\"target\":[\"https:\\\/\\\/kompatscher.eu\\\/it\\\/\"]}]},{\"@type\":\"ImageObject\",\"inLanguage\":\"it-IT\",\"@id\":\"https:\\\/\\\/kompatscher.eu\\\/it\\\/#primaryimage\",\"url\":\"https:\\\/\\\/kompatscher.eu\\\/wp-content\\\/uploads\\\/2026\\\/04\\\/Magnani-Maurizio_I-luoghi-del-cuore_8_32D.jpg\",\"contentUrl\":\"https:\\\/\\\/kompatscher.eu\\\/wp-content\\\/uploads\\\/2026\\\/04\\\/Magnani-Maurizio_I-luoghi-del-cuore_8_32D.jpg\",\"width\":694,\"height\":510},{\"@type\":\"BreadcrumbList\",\"@id\":\"https:\\\/\\\/kompatscher.eu\\\/it\\\/#breadcrumb\",\"itemListElement\":[{\"@type\":\"ListItem\",\"position\":1,\"name\":\"Startseite\",\"item\":\"https:\\\/\\\/kompatscher.eu\\\/it\\\/\"},{\"@type\":\"ListItem\",\"position\":2,\"name\":\"Pagina iniziale\"}]},{\"@type\":\"WebSite\",\"@id\":\"https:\\\/\\\/kompatscher.eu\\\/it\\\/#website\",\"url\":\"https:\\\/\\\/kompatscher.eu\\\/it\\\/\",\"name\":\"Kompatscher Brixen | Galerie Hofburg - Kunst S\u00fcdtirol\",\"description\":\"Art Gallery Brixen - S\u00fcdtirol\",\"publisher\":{\"@id\":\"https:\\\/\\\/kompatscher.eu\\\/it\\\/#organization\"},\"potentialAction\":[{\"@type\":\"SearchAction\",\"target\":{\"@type\":\"EntryPoint\",\"urlTemplate\":\"https:\\\/\\\/kompatscher.eu\\\/it\\\/?s={search_term_string}\"},\"query-input\":{\"@type\":\"PropertyValueSpecification\",\"valueRequired\":true,\"valueName\":\"search_term_string\"}}],\"inLanguage\":\"it-IT\"},{\"@type\":\"Organization\",\"@id\":\"https:\\\/\\\/kompatscher.eu\\\/it\\\/#organization\",\"name\":\"Galerie Hofburg\",\"url\":\"https:\\\/\\\/kompatscher.eu\\\/it\\\/\",\"logo\":{\"@type\":\"ImageObject\",\"inLanguage\":\"it-IT\",\"@id\":\"https:\\\/\\\/kompatscher.eu\\\/it\\\/#\\\/schema\\\/logo\\\/image\\\/\",\"url\":\"https:\\\/\\\/kompatscher.eu\\\/wp-content\\\/uploads\\\/2017\\\/04\\\/logo.png\",\"contentUrl\":\"https:\\\/\\\/kompatscher.eu\\\/wp-content\\\/uploads\\\/2017\\\/04\\\/logo.png\",\"width\":254,\"height\":107,\"caption\":\"Galerie Hofburg\"},\"image\":{\"@id\":\"https:\\\/\\\/kompatscher.eu\\\/it\\\/#\\\/schema\\\/logo\\\/image\\\/\"},\"sameAs\":[\"https:\\\/\\\/www.facebook.com\\\/kompatscher.eu\\\/\"]}]}<\/script>\n<!-- \/ Yoast SEO plugin. -->","yoast_head_json":{"title":"Kompatscher Bressanone - Galleria d'arte Hofburg - figure presepe italia","description":"Art-Shop Kompatscher e la galleria d'arte Hofburg a Bressane in Alto Adige \u00e8 un punto d\u2019incontro per gli amanti dell\u2019arte moderna e delle figure presepe.","robots":{"index":"index","follow":"follow","max-snippet":"max-snippet:-1","max-image-preview":"max-image-preview:large","max-video-preview":"max-video-preview:-1"},"canonical":"https:\/\/kompatscher.eu\/it\/","og_locale":"it_IT","og_type":"article","og_title":"Kompatscher Bressanone - Galleria d'arte Hofburg - figure presepe italia","og_description":"Art-Shop Kompatscher e la galleria d'arte Hofburg a Bressane in Alto Adige \u00e8 un punto d\u2019incontro per gli amanti dell\u2019arte moderna e delle figure presepe.","og_url":"https:\/\/kompatscher.eu\/it\/","og_site_name":"Kompatscher Brixen | Galerie Hofburg - Kunst S\u00fcdtirol","article_publisher":"https:\/\/www.facebook.com\/kompatscher.eu\/","article_modified_time":"2026-04-28T10:54:11+00:00","og_image":[{"width":694,"height":510,"url":"https:\/\/kompatscher.eu\/wp-content\/uploads\/2026\/04\/Magnani-Maurizio_I-luoghi-del-cuore_8_32D.jpg","type":"image\/jpeg"}],"twitter_card":"summary_large_image","twitter_misc":{"Tempo di lettura stimato":"3 minuti"},"schema":{"@context":"https:\/\/schema.org","@graph":[{"@type":"WebPage","@id":"https:\/\/kompatscher.eu\/it\/","url":"https:\/\/kompatscher.eu\/it\/","name":"Kompatscher Bressanone - Galleria d'arte Hofburg - figure presepe italia","isPartOf":{"@id":"https:\/\/kompatscher.eu\/it\/#website"},"primaryImageOfPage":{"@id":"https:\/\/kompatscher.eu\/it\/#primaryimage"},"image":{"@id":"https:\/\/kompatscher.eu\/it\/#primaryimage"},"thumbnailUrl":"https:\/\/kompatscher.eu\/wp-content\/uploads\/2026\/04\/Magnani-Maurizio_I-luoghi-del-cuore_8_32D.jpg","datePublished":"2017-04-10T10:30:19+00:00","dateModified":"2026-04-28T10:54:11+00:00","description":"Art-Shop Kompatscher e la galleria d'arte Hofburg a Bressane in Alto Adige \u00e8 un punto d\u2019incontro per gli amanti dell\u2019arte moderna e delle figure presepe.","breadcrumb":{"@id":"https:\/\/kompatscher.eu\/it\/#breadcrumb"},"inLanguage":"it-IT","potentialAction":[{"@type":"ReadAction","target":["https:\/\/kompatscher.eu\/it\/"]}]},{"@type":"ImageObject","inLanguage":"it-IT","@id":"https:\/\/kompatscher.eu\/it\/#primaryimage","url":"https:\/\/kompatscher.eu\/wp-content\/uploads\/2026\/04\/Magnani-Maurizio_I-luoghi-del-cuore_8_32D.jpg","contentUrl":"https:\/\/kompatscher.eu\/wp-content\/uploads\/2026\/04\/Magnani-Maurizio_I-luoghi-del-cuore_8_32D.jpg","width":694,"height":510},{"@type":"BreadcrumbList","@id":"https:\/\/kompatscher.eu\/it\/#breadcrumb","itemListElement":[{"@type":"ListItem","position":1,"name":"Startseite","item":"https:\/\/kompatscher.eu\/it\/"},{"@type":"ListItem","position":2,"name":"Pagina iniziale"}]},{"@type":"WebSite","@id":"https:\/\/kompatscher.eu\/it\/#website","url":"https:\/\/kompatscher.eu\/it\/","name":"Kompatscher Brixen | Galerie Hofburg - Kunst S\u00fcdtirol","description":"Art Gallery Brixen - S\u00fcdtirol","publisher":{"@id":"https:\/\/kompatscher.eu\/it\/#organization"},"potentialAction":[{"@type":"SearchAction","target":{"@type":"EntryPoint","urlTemplate":"https:\/\/kompatscher.eu\/it\/?s={search_term_string}"},"query-input":{"@type":"PropertyValueSpecification","valueRequired":true,"valueName":"search_term_string"}}],"inLanguage":"it-IT"},{"@type":"Organization","@id":"https:\/\/kompatscher.eu\/it\/#organization","name":"Galerie Hofburg","url":"https:\/\/kompatscher.eu\/it\/","logo":{"@type":"ImageObject","inLanguage":"it-IT","@id":"https:\/\/kompatscher.eu\/it\/#\/schema\/logo\/image\/","url":"https:\/\/kompatscher.eu\/wp-content\/uploads\/2017\/04\/logo.png","contentUrl":"https:\/\/kompatscher.eu\/wp-content\/uploads\/2017\/04\/logo.png","width":254,"height":107,"caption":"Galerie Hofburg"},"image":{"@id":"https:\/\/kompatscher.eu\/it\/#\/schema\/logo\/image\/"},"sameAs":["https:\/\/www.facebook.com\/kompatscher.eu\/"]}]}},"_links":{"self":[{"href":"https:\/\/kompatscher.eu\/it\/wp-json\/wp\/v2\/pages\/2448","targetHints":{"allow":["GET"]}}],"collection":[{"href":"https:\/\/kompatscher.eu\/it\/wp-json\/wp\/v2\/pages"}],"about":[{"href":"https:\/\/kompatscher.eu\/it\/wp-json\/wp\/v2\/types\/page"}],"author":[{"embeddable":true,"href":"https:\/\/kompatscher.eu\/it\/wp-json\/wp\/v2\/users\/1"}],"replies":[{"embeddable":true,"href":"https:\/\/kompatscher.eu\/it\/wp-json\/wp\/v2\/comments?post=2448"}],"version-history":[{"count":11,"href":"https:\/\/kompatscher.eu\/it\/wp-json\/wp\/v2\/pages\/2448\/revisions"}],"predecessor-version":[{"id":17258,"href":"https:\/\/kompatscher.eu\/it\/wp-json\/wp\/v2\/pages\/2448\/revisions\/17258"}],"wp:featuredmedia":[{"embeddable":true,"href":"https:\/\/kompatscher.eu\/it\/wp-json\/wp\/v2\/media\/17249"}],"wp:attachment":[{"href":"https:\/\/kompatscher.eu\/it\/wp-json\/wp\/v2\/media?parent=2448"}],"curies":[{"name":"wp","href":"https:\/\/api.w.org\/{rel}","templated":true}]}}